{"id":16729,"date":"2024-07-12T06:12:43","date_gmt":"2024-07-12T05:12:43","guid":{"rendered":"https:\/\/www.aitertc.it\/web\/?page_id=16729"},"modified":"2024-12-27T13:18:46","modified_gmt":"2024-12-27T12:18:46","slug":"primo-evento-intersocietario-aitertc-aiters","status":"publish","type":"page","link":"https:\/\/www.aitertc.it\/web\/primo-evento-intersocietario-aitertc-aiters\/","title":{"rendered":"Primo evento intersocietario AITeRTC &#8211; AITeRS"},"content":{"rendered":"\t\t<div data-elementor-type=\"wp-page\" data-elementor-id=\"16729\" class=\"elementor elementor-16729\" data-elementor-post-type=\"page\">\n\t\t\t\t\t\t<section class=\"elementor-section elementor-top-section elementor-element elementor-element-3ceed7a elementor-section-boxed elementor-section-height-default elementor-section-height-default\" data-id=\"3ceed7a\" data-element_type=\"section\" data-e-type=\"section\">\n\t\t\t\t\t\t<div class=\"elementor-container elementor-column-gap-default\">\n\t\t\t\t\t<div class=\"elementor-column elementor-col-100 elementor-top-column elementor-element elementor-element-b9392a9\" data-id=\"b9392a9\" data-element_type=\"column\" data-e-type=\"column\">\n\t\t\t<div class=\"elementor-widget-wrap elementor-element-populated\">\n\t\t\t\t\t\t<div class=\"elementor-element elementor-element-a1f6fbd elementor-widget elementor-widget-heading\" data-id=\"a1f6fbd\" data-element_type=\"widget\" data-e-type=\"widget\" data-widget_type=\"heading.default\">\n\t\t\t\t<div class=\"elementor-widget-container\">\n\t\t\t\t\t<h2 class=\"elementor-heading-title elementor-size-default\">Formazione, Qualit\u00e0 e Ottimizzazione.\nUna proiezione alla volta<\/h2>\t\t\t\t<\/div>\n\t\t\t\t<\/div>\n\t\t\t\t<div class=\"elementor-element elementor-element-c8b6451 elementor-widget elementor-widget-spacer\" data-id=\"c8b6451\" data-element_type=\"widget\" data-e-type=\"widget\" data-widget_type=\"spacer.default\">\n\t\t\t\t<div class=\"elementor-widget-container\">\n\t\t\t\t\t\t\t<div class=\"elementor-spacer\">\n\t\t\t<div class=\"elementor-spacer-inner\"><\/div>\n\t\t<\/div>\n\t\t\t\t\t\t<\/div>\n\t\t\t\t<\/div>\n\t\t\t\t<div class=\"elementor-element elementor-element-127bbd6 elementor-widget elementor-widget-image\" data-id=\"127bbd6\" data-element_type=\"widget\" data-e-type=\"widget\" data-widget_type=\"image.default\">\n\t\t\t\t<div class=\"elementor-widget-container\">\n\t\t\t\t\t\t\t\t\t\t\t\t\t\t\t<img fetchpriority=\"high\" decoding=\"async\" width=\"994\" height=\"170\" src=\"https:\/\/www.aitertc.it\/web\/wp-content\/uploads\/2024\/09\/Banner-rettangolare-SCURO_001.png\" class=\"attachment-large size-large wp-image-17281\" alt=\"\" srcset=\"https:\/\/www.aitertc.it\/web\/wp-content\/uploads\/2024\/09\/Banner-rettangolare-SCURO_001.png 994w, https:\/\/www.aitertc.it\/web\/wp-content\/uploads\/2024\/09\/Banner-rettangolare-SCURO_001-300x51.png 300w, https:\/\/www.aitertc.it\/web\/wp-content\/uploads\/2024\/09\/Banner-rettangolare-SCURO_001-768x131.png 768w\" sizes=\"(max-width: 994px) 100vw, 994px\" \/>\t\t\t\t\t\t\t\t\t\t\t\t\t\t\t<\/div>\n\t\t\t\t<\/div>\n\t\t\t\t<div class=\"elementor-element elementor-element-cd1b33f elementor-widget elementor-widget-spacer\" data-id=\"cd1b33f\" data-element_type=\"widget\" data-e-type=\"widget\" data-widget_type=\"spacer.default\">\n\t\t\t\t<div class=\"elementor-widget-container\">\n\t\t\t\t\t\t\t<div class=\"elementor-spacer\">\n\t\t\t<div class=\"elementor-spacer-inner\"><\/div>\n\t\t<\/div>\n\t\t\t\t\t\t<\/div>\n\t\t\t\t<\/div>\n\t\t\t\t\t<\/div>\n\t\t<\/div>\n\t\t\t\t\t<\/div>\n\t\t<\/section>\n\t\t\t\t<section class=\"elementor-section elementor-top-section elementor-element elementor-element-d1f0bb2 elementor-section-boxed elementor-section-height-default elementor-section-height-default\" data-id=\"d1f0bb2\" data-element_type=\"section\" data-e-type=\"section\">\n\t\t\t\t\t\t<div class=\"elementor-container elementor-column-gap-default\">\n\t\t\t\t\t<div class=\"elementor-column elementor-col-100 elementor-top-column elementor-element elementor-element-53fe906\" data-id=\"53fe906\" data-element_type=\"column\" data-e-type=\"column\">\n\t\t\t<div class=\"elementor-widget-wrap elementor-element-populated\">\n\t\t\t\t\t\t<div class=\"elementor-element elementor-element-9217962 elementor-widget elementor-widget-gallery\" data-id=\"9217962\" data-element_type=\"widget\" data-e-type=\"widget\" data-settings=\"{&quot;columns&quot;:2,&quot;image_hover_animation&quot;:&quot;grow&quot;,&quot;aspect_ratio&quot;:&quot;4:3&quot;,&quot;lazyload&quot;:&quot;yes&quot;,&quot;gallery_layout&quot;:&quot;grid&quot;,&quot;columns_tablet&quot;:2,&quot;columns_mobile&quot;:1,&quot;gap&quot;:{&quot;unit&quot;:&quot;px&quot;,&quot;size&quot;:10,&quot;sizes&quot;:[]},&quot;gap_tablet&quot;:{&quot;unit&quot;:&quot;px&quot;,&quot;size&quot;:10,&quot;sizes&quot;:[]},&quot;gap_mobile&quot;:{&quot;unit&quot;:&quot;px&quot;,&quot;size&quot;:10,&quot;sizes&quot;:[]},&quot;overlay_background&quot;:&quot;yes&quot;,&quot;content_hover_animation&quot;:&quot;fade-in&quot;}\" data-widget_type=\"gallery.default\">\n\t\t\t\t<div class=\"elementor-widget-container\">\n\t\t\t\t\t\t\t<div class=\"elementor-gallery__container\">\n\t\t\t\t\t\t\t<div class=\"e-gallery-item elementor-gallery-item elementor-animated-content\">\n\t\t\t\t\t<div class=\"e-gallery-image elementor-gallery-item__image\" data-thumbnail=\"https:\/\/www.aitertc.it\/web\/wp-content\/uploads\/2024\/12\/page-1.png\" data-width=\"936\" data-height=\"788\" aria-label=\"\" role=\"img\" ><\/div>\n\t\t\t\t\t\t\t\t\t\t\t<div class=\"elementor-gallery-item__overlay\"><\/div>\n\t\t\t\t\t\t\t\t\t\t\t\t\t\t<\/div>\n\t\t\t\t\t\t\t<div class=\"e-gallery-item elementor-gallery-item elementor-animated-content\">\n\t\t\t\t\t<div class=\"e-gallery-image elementor-gallery-item__image\" data-thumbnail=\"https:\/\/www.aitertc.it\/web\/wp-content\/uploads\/2024\/12\/page-2-1.png\" data-width=\"936\" data-height=\"788\" aria-label=\"\" role=\"img\" ><\/div>\n\t\t\t\t\t\t\t\t\t\t\t<div class=\"elementor-gallery-item__overlay\"><\/div>\n\t\t\t\t\t\t\t\t\t\t\t\t\t\t<\/div>\n\t\t\t\t\t\t\t<div class=\"e-gallery-item elementor-gallery-item elementor-animated-content\">\n\t\t\t\t\t<div class=\"e-gallery-image elementor-gallery-item__image\" data-thumbnail=\"https:\/\/www.aitertc.it\/web\/wp-content\/uploads\/2024\/12\/page-3.png\" data-width=\"936\" data-height=\"788\" aria-label=\"\" role=\"img\" ><\/div>\n\t\t\t\t\t\t\t\t\t\t\t<div class=\"elementor-gallery-item__overlay\"><\/div>\n\t\t\t\t\t\t\t\t\t\t\t\t\t\t<\/div>\n\t\t\t\t\t\t\t<div class=\"e-gallery-item elementor-gallery-item elementor-animated-content\">\n\t\t\t\t\t<div class=\"e-gallery-image elementor-gallery-item__image\" data-thumbnail=\"https:\/\/www.aitertc.it\/web\/wp-content\/uploads\/2024\/12\/Design-senza-titolo.png\" data-width=\"936\" data-height=\"788\" aria-label=\"\" role=\"img\" ><\/div>\n\t\t\t\t\t\t\t\t\t\t\t<div class=\"elementor-gallery-item__overlay\"><\/div>\n\t\t\t\t\t\t\t\t\t\t\t\t\t\t<\/div>\n\t\t\t\t\t\t\t<div class=\"e-gallery-item elementor-gallery-item elementor-animated-content\">\n\t\t\t\t\t<div class=\"e-gallery-image elementor-gallery-item__image\" data-thumbnail=\"https:\/\/www.aitertc.it\/web\/wp-content\/uploads\/2024\/12\/page-5.png\" data-width=\"936\" data-height=\"788\" aria-label=\"\" role=\"img\" ><\/div>\n\t\t\t\t\t\t\t\t\t\t\t<div class=\"elementor-gallery-item__overlay\"><\/div>\n\t\t\t\t\t\t\t\t\t\t\t\t\t\t<\/div>\n\t\t\t\t\t\t\t<div class=\"e-gallery-item elementor-gallery-item elementor-animated-content\">\n\t\t\t\t\t<div class=\"e-gallery-image elementor-gallery-item__image\" data-thumbnail=\"https:\/\/www.aitertc.it\/web\/wp-content\/uploads\/2024\/12\/page-6.png\" data-width=\"936\" data-height=\"788\" aria-label=\"\" role=\"img\" ><\/div>\n\t\t\t\t\t\t\t\t\t\t\t<div class=\"elementor-gallery-item__overlay\"><\/div>\n\t\t\t\t\t\t\t\t\t\t\t\t\t\t<\/div>\n\t\t\t\t\t\t\t<div class=\"e-gallery-item elementor-gallery-item elementor-animated-content\">\n\t\t\t\t\t<div class=\"e-gallery-image elementor-gallery-item__image\" data-thumbnail=\"https:\/\/www.aitertc.it\/web\/wp-content\/uploads\/2024\/12\/page-7.png\" data-width=\"936\" data-height=\"788\" aria-label=\"\" role=\"img\" ><\/div>\n\t\t\t\t\t\t\t\t\t\t\t<div class=\"elementor-gallery-item__overlay\"><\/div>\n\t\t\t\t\t\t\t\t\t\t\t\t\t\t<\/div>\n\t\t\t\t\t\t\t<div class=\"e-gallery-item elementor-gallery-item elementor-animated-content\">\n\t\t\t\t\t<div class=\"e-gallery-image elementor-gallery-item__image\" data-thumbnail=\"https:\/\/www.aitertc.it\/web\/wp-content\/uploads\/2024\/12\/page-8.png\" data-width=\"936\" data-height=\"788\" aria-label=\"\" role=\"img\" ><\/div>\n\t\t\t\t\t\t\t\t\t\t\t<div class=\"elementor-gallery-item__overlay\"><\/div>\n\t\t\t\t\t\t\t\t\t\t\t\t\t\t<\/div>\n\t\t\t\t\t<\/div>\n\t\t\t\t\t<\/div>\n\t\t\t\t<\/div>\n\t\t\t\t<div class=\"elementor-element elementor-element-9ec3b41 elementor-widget elementor-widget-spacer\" data-id=\"9ec3b41\" data-element_type=\"widget\" data-e-type=\"widget\" data-widget_type=\"spacer.default\">\n\t\t\t\t<div class=\"elementor-widget-container\">\n\t\t\t\t\t\t\t<div class=\"elementor-spacer\">\n\t\t\t<div class=\"elementor-spacer-inner\"><\/div>\n\t\t<\/div>\n\t\t\t\t\t\t<\/div>\n\t\t\t\t<\/div>\n\t\t\t\t<div class=\"elementor-element elementor-element-916727c elementor-button-info elementor-align-justify elementor-widget elementor-widget-button\" data-id=\"916727c\" data-element_type=\"widget\" data-e-type=\"widget\" data-widget_type=\"button.default\">\n\t\t\t\t<div class=\"elementor-widget-container\">\n\t\t\t\t\t\t\t\t\t<div class=\"elementor-button-wrapper\">\n\t\t\t\t\t<a class=\"elementor-button elementor-button-link elementor-size-sm\" href=\"https:\/\/www.aitertc.it\/web\/wp-content\/uploads\/2024\/12\/Design-senza-titolo-3-1.pdf\" target=\"_blank\">\n\t\t\t\t\t\t<span class=\"elementor-button-content-wrapper\">\n\t\t\t\t\t\t\t\t\t<span class=\"elementor-button-text\">Scarica la brochure<\/span>\n\t\t\t\t\t<\/span>\n\t\t\t\t\t<\/a>\n\t\t\t\t<\/div>\n\t\t\t\t\t\t\t\t<\/div>\n\t\t\t\t<\/div>\n\t\t\t\t<div class=\"elementor-element elementor-element-1a4705e elementor-widget-divider--view-line elementor-widget elementor-widget-divider\" data-id=\"1a4705e\" data-element_type=\"widget\" data-e-type=\"widget\" data-widget_type=\"divider.default\">\n\t\t\t\t<div class=\"elementor-widget-container\">\n\t\t\t\t\t\t\t<div class=\"elementor-divider\">\n\t\t\t<span class=\"elementor-divider-separator\">\n\t\t\t\t\t\t<\/span>\n\t\t<\/div>\n\t\t\t\t\t\t<\/div>\n\t\t\t\t<\/div>\n\t\t\t\t\t<\/div>\n\t\t<\/div>\n\t\t\t\t\t<\/div>\n\t\t<\/section>\n\t\t\t\t<section class=\"elementor-section elementor-top-section elementor-element elementor-element-ffeaa5a elementor-section-boxed elementor-section-height-default elementor-section-height-default\" data-id=\"ffeaa5a\" data-element_type=\"section\" data-e-type=\"section\">\n\t\t\t\t\t\t<div class=\"elementor-container elementor-column-gap-default\">\n\t\t\t\t\t<div class=\"elementor-column elementor-col-100 elementor-top-column elementor-element elementor-element-31db0d9\" data-id=\"31db0d9\" data-element_type=\"column\" data-e-type=\"column\">\n\t\t\t<div class=\"elementor-widget-wrap elementor-element-populated\">\n\t\t\t\t\t\t<div class=\"elementor-element elementor-element-909d3a6 elementor-widget elementor-widget-text-editor\" data-id=\"909d3a6\" data-element_type=\"widget\" data-e-type=\"widget\" data-widget_type=\"text-editor.default\">\n\t\t\t\t<div class=\"elementor-widget-container\">\n\t\t\t\t\t\t\t\t\t<p>L\u2019evento \u201cFormazione, qualit\u00e0 e ottimizzazione. Una proiezione alla volta,\u201d nato dalla sinergia tra <strong>AITeRTC e AITeRS<\/strong>, si propone di affrontare le sfide che i Tecnici Sanitari di Radiologia Medica incontrano nell\u2019adozione delle tecnologie basate sull\u2019intelligenza artificiale. L\u2019evento pone un\u2019enfasi particolare sulla formazione continua, sulla qualit\u00e0 e sull\u2019ottimizzazione delle tecniche radiologiche, elementi cruciali per il progresso del settore.<\/p><p>Un tema centrale del congresso sar\u00e0 la radioprotezione, fondamentale per garantire la sicurezza sia dei pazienti che degli operatori sanitari. La cultura della radioprotezione, con un focus particolare sulla radiologia senologica, verr\u00e0 approfondita attraverso sessioni dedicate. Queste sessioni tratteranno aspetti cruciali come l\u2019utilizzo delle protezioni al piombo, la qualit\u00e0 tecnica delle immagini e l\u2019integrazione di tecnologie emergenti che permettono di migliorare le performance diagnostiche senza compromettere la sicurezza.<\/p><p>In sintesi, questo evento rappresenta un\u2019importante opportunit\u00e0 di crescita professionale e di scambio di conoscenze, contribuendo a migliorare la qualit\u00e0 e l\u2019efficacia delle pratiche in radiologia senologica. Inoltre, promuove l\u2019adozione sicura ed efficace delle tecnologie basate sull\u2019intelligenza artificiale, garantendo un equilibrio tra innovazione e sicurezza nel settore radiologico.<\/p>\t\t\t\t\t\t\t\t<\/div>\n\t\t\t\t<\/div>\n\t\t\t\t\t<\/div>\n\t\t<\/div>\n\t\t\t\t\t<\/div>\n\t\t<\/section>\n\t\t\t\t<section class=\"elementor-section elementor-top-section elementor-element elementor-element-c342395 elementor-section-boxed elementor-section-height-default elementor-section-height-default\" data-id=\"c342395\" data-element_type=\"section\" data-e-type=\"section\">\n\t\t\t\t\t\t<div class=\"elementor-container elementor-column-gap-default\">\n\t\t\t\t\t<div class=\"elementor-column elementor-col-100 elementor-top-column elementor-element elementor-element-a66e5f5\" data-id=\"a66e5f5\" data-element_type=\"column\" data-e-type=\"column\">\n\t\t\t<div class=\"elementor-widget-wrap elementor-element-populated\">\n\t\t\t\t\t\t<div class=\"elementor-element elementor-element-4228a83 elementor-widget-divider--view-line elementor-widget elementor-widget-divider\" data-id=\"4228a83\" data-element_type=\"widget\" data-e-type=\"widget\" data-widget_type=\"divider.default\">\n\t\t\t\t<div class=\"elementor-widget-container\">\n\t\t\t\t\t\t\t<div class=\"elementor-divider\">\n\t\t\t<span class=\"elementor-divider-separator\">\n\t\t\t\t\t\t<\/span>\n\t\t<\/div>\n\t\t\t\t\t\t<\/div>\n\t\t\t\t<\/div>\n\t\t\t\t<div class=\"elementor-element elementor-element-b810905 elementor-widget elementor-widget-toggle\" data-id=\"b810905\" data-element_type=\"widget\" data-e-type=\"widget\" data-settings=\"{&quot;motion_fx_motion_fx_scrolling&quot;:&quot;yes&quot;,&quot;motion_fx_devices&quot;:[&quot;desktop&quot;,&quot;tablet&quot;,&quot;mobile&quot;]}\" data-widget_type=\"toggle.default\">\n\t\t\t\t<div class=\"elementor-widget-container\">\n\t\t\t\t\t\t\t<div class=\"elementor-toggle\">\n\t\t\t\t\t\t\t<div class=\"elementor-toggle-item\">\n\t\t\t\t\t<div id=\"elementor-tab-title-1931\" class=\"elementor-tab-title\" data-tab=\"1\" role=\"button\" aria-controls=\"elementor-tab-content-1931\" aria-expanded=\"false\">\n\t\t\t\t\t\t\t\t\t\t\t\t<span class=\"elementor-toggle-icon elementor-toggle-icon-left\" aria-hidden=\"true\">\n\t\t\t\t\t\t\t\t\t\t\t\t\t\t\t<span class=\"elementor-toggle-icon-closed\"><i class=\"fas fa-caret-right\"><\/i><\/span>\n\t\t\t\t\t\t\t\t<span class=\"elementor-toggle-icon-opened\"><i class=\"elementor-toggle-icon-opened fas fa-caret-up\"><\/i><\/span>\n\t\t\t\t\t\t\t\t\t\t\t\t\t<\/span>\n\t\t\t\t\t\t\t\t\t\t\t\t<a class=\"elementor-toggle-title\" tabindex=\"0\">Introduzione<\/a>\n\t\t\t\t\t<\/div>\n\n\t\t\t\t\t<div id=\"elementor-tab-content-1931\" class=\"elementor-tab-content elementor-clearfix\" data-tab=\"1\" role=\"region\" aria-labelledby=\"elementor-tab-title-1931\"><p>Il Primo Congresso Intersocietario <strong>AITeRTC-AITeRS<\/strong> rappresenta un passo significativo verso l&#8217;integrazione di due settori cruciali e complementari della diagnostica per immagini: la radiologia convenzionale e la radiologia senologica. Questa sinergia nasce dalla crescente necessit\u00e0 di combinare competenze e risorse per affrontare le sfide poste dall\u2019evoluzione tecnologica e dalla complessit\u00e0 sempre maggiore delle patologie che richiedono diagnosi precise e tempestive.<\/p><p>Negli ultimi anni, l&#8217;avvento di innovazioni tecnologiche sia hardware che software ha trasformato radicalmente il campo delle radiazioni ionizzanti e la loro interazione con la materia. Questi sviluppi non solo hanno rivoluzionato il modo in cui le immagini radiologiche vengono generate e interpretate, ma hanno anche aperto nuove prospettive nell\u2019ambito dell&#8217;intelligenza artificiale (IA), che sta attualmente vivendo una vera e propria rivoluzione nel settore sanitario, e in particolare nell&#8217;imaging diagnostico.<\/p><p>Le immagini radiologiche, ricche di informazioni complesse, offrono un terreno fertile per l&#8217;applicazione dell&#8217;IA, capace di estrarre dati diagnostici preziosi. Attraverso il Machine Learning (ML), i sistemi informatici possono essere addestrati a riconoscere con alta precisione le anomalie rispetto ai parametri normali, utilizzando vasti set di immagini preclassificate. Questa capacit\u00e0 di apprendimento continuo consente non solo di migliorare l&#8217;accuratezza diagnostica, ma anche di raffinare le tecniche di prevenzione, riducendo i tempi di attesa e ottimizzando le risorse sanitarie.<\/p><p>L&#8217;implementazione di tecnologie avanzate di ML e Deep Learning (DL) \u00e8 quindi cruciale per potenziare l&#8217;efficacia della diagnosi, migliorare l&#8217;efficienza operativa e garantire un migliore rapporto costo-beneficio, sia nella prevenzione primaria che in quella secondaria. Tuttavia, affinch\u00e9 queste tecnologie possano esprimere appieno il loro potenziale, \u00e8 essenziale disporre di immagini di altissima qualit\u00e0 diagnostica, superando i limiti delle tecnologie attualmente in uso, come la Tomografia Computerizzata e la radiologia senologica. Il congresso AITeRTC-AITeRS si propone quindi come un&#8217;occasione unica per discutere, approfondire e promuovere questi avanzamenti, creando una piattaforma comune per l\u2019innovazione e l\u2019eccellenza nel campo della diagnostica per immagini, a favore dei Tecnici Sanitari di Radiologia Medica.<\/p><\/div>\n\t\t\t\t<\/div>\n\t\t\t\t\t\t\t<div class=\"elementor-toggle-item\">\n\t\t\t\t\t<div id=\"elementor-tab-title-1932\" class=\"elementor-tab-title\" data-tab=\"2\" role=\"button\" aria-controls=\"elementor-tab-content-1932\" aria-expanded=\"false\">\n\t\t\t\t\t\t\t\t\t\t\t\t<span class=\"elementor-toggle-icon elementor-toggle-icon-left\" aria-hidden=\"true\">\n\t\t\t\t\t\t\t\t\t\t\t\t\t\t\t<span class=\"elementor-toggle-icon-closed\"><i class=\"fas fa-caret-right\"><\/i><\/span>\n\t\t\t\t\t\t\t\t<span class=\"elementor-toggle-icon-opened\"><i class=\"elementor-toggle-icon-opened fas fa-caret-up\"><\/i><\/span>\n\t\t\t\t\t\t\t\t\t\t\t\t\t<\/span>\n\t\t\t\t\t\t\t\t\t\t\t\t<a class=\"elementor-toggle-title\" tabindex=\"0\">Obiettivo del Corso<\/a>\n\t\t\t\t\t<\/div>\n\n\t\t\t\t\t<div id=\"elementor-tab-content-1932\" class=\"elementor-tab-content elementor-clearfix\" data-tab=\"2\" role=\"region\" aria-labelledby=\"elementor-tab-title-1932\"><p>L\u2019obiettivo principale del Primo Congresso Intersocietario AITeRTC-AITeRS \u00e8 quello di creare un ponte solido tra la radiologia convenzionale e la radiologia senologica, unendo le competenze e le risorse di questi due settori complementari per affrontare efficacemente le sfide emergenti nella diagnostica per immagini. Il congresso mira a promuovere l\u2019integrazione di tecnologie avanzate, come l\u2019intelligenza artificiale (IA), con le pratiche quotidiane in modalit\u00e0 analogica, offrendo training sul campo e facilitando l\u2019adattamento alle nuove conoscenze, soprattutto nell\u2019ambito della radioprotezione. L\u2019obiettivo \u00e8 migliorare l\u2019accuratezza diagnostica, ottimizzare i processi di prevenzione e trattamento, e sviluppare soluzioni innovative in grado di rispondere alle esigenze del sistema sanitario moderno. Inoltre, il congresso intende favorire il dialogo e la collaborazione tra i professionisti del settore, creando una piattaforma comune per l\u2019aggiornamento scientifico e lo scambio di conoscenze, contribuendo cos\u00ec all\u2019evoluzione e all\u2019innovazione continua nel campo della diagnostica per immagini.<\/p><\/div>\n\t\t\t\t<\/div>\n\t\t\t\t\t\t\t<div class=\"elementor-toggle-item\">\n\t\t\t\t\t<div id=\"elementor-tab-title-1933\" class=\"elementor-tab-title\" data-tab=\"3\" role=\"button\" aria-controls=\"elementor-tab-content-1933\" aria-expanded=\"false\">\n\t\t\t\t\t\t\t\t\t\t\t\t<span class=\"elementor-toggle-icon elementor-toggle-icon-left\" aria-hidden=\"true\">\n\t\t\t\t\t\t\t\t\t\t\t\t\t\t\t<span class=\"elementor-toggle-icon-closed\"><i class=\"fas fa-caret-right\"><\/i><\/span>\n\t\t\t\t\t\t\t\t<span class=\"elementor-toggle-icon-opened\"><i class=\"elementor-toggle-icon-opened fas fa-caret-up\"><\/i><\/span>\n\t\t\t\t\t\t\t\t\t\t\t\t\t<\/span>\n\t\t\t\t\t\t\t\t\t\t\t\t<a class=\"elementor-toggle-title\" tabindex=\"0\">Contenuti del Corso<\/a>\n\t\t\t\t\t<\/div>\n\n\t\t\t\t\t<div id=\"elementor-tab-content-1933\" class=\"elementor-tab-content elementor-clearfix\" data-tab=\"3\" role=\"region\" aria-labelledby=\"elementor-tab-title-1933\"><p>Il corso \u00e8 suddiviso in quattro sezioni principali, ciascuno focalizzato su un\u2019area specifica:<\/p><ul><li><strong>Sessione 1 \u2013 La cultura della Radioprotezione in Radiologia Senologica<\/strong><br \/><strong>Dose Team<\/strong><\/li><li><strong>Sessione 2 \u2013 Tecnologia e Qualit\u00e0 Diagnostica in Mammografia<\/strong><\/li><li><strong>Sessione 3 \u2013 Strategie organizzative in senologia<\/strong><\/li><li><strong>Sessione 4 \u2013 Applicazioni avanzate in radiologia senologica<\/strong><\/li><\/ul><\/div>\n\t\t\t\t<\/div>\n\t\t\t\t\t\t\t<div class=\"elementor-toggle-item\">\n\t\t\t\t\t<div id=\"elementor-tab-title-1934\" class=\"elementor-tab-title\" data-tab=\"4\" role=\"button\" aria-controls=\"elementor-tab-content-1934\" aria-expanded=\"false\">\n\t\t\t\t\t\t\t\t\t\t\t\t<span class=\"elementor-toggle-icon elementor-toggle-icon-left\" aria-hidden=\"true\">\n\t\t\t\t\t\t\t\t\t\t\t\t\t\t\t<span class=\"elementor-toggle-icon-closed\"><i class=\"fas fa-caret-right\"><\/i><\/span>\n\t\t\t\t\t\t\t\t<span class=\"elementor-toggle-icon-opened\"><i class=\"elementor-toggle-icon-opened fas fa-caret-up\"><\/i><\/span>\n\t\t\t\t\t\t\t\t\t\t\t\t\t<\/span>\n\t\t\t\t\t\t\t\t\t\t\t\t<a class=\"elementor-toggle-title\" tabindex=\"0\">Crediti ECM<\/a>\n\t\t\t\t\t<\/div>\n\n\t\t\t\t\t<div id=\"elementor-tab-content-1934\" class=\"elementor-tab-content elementor-clearfix\" data-tab=\"4\" role=\"region\" aria-labelledby=\"elementor-tab-title-1934\"><p>L\u2019accreditamento ECM \u00e8 aperto a tutti i Professioni della salute e valido in materia di radioprotezione, in linea con l\u2019obiettivo formativo n.27 di AGE.NA.S.<\/p><p>Provider: Azienda Ospedaliero-Universitaria di Parma e Azienda Unit\u00e0 Sanitaria Locale di Parma \u2013 Codice organizzatore: PG20170706274<\/p><\/div>\n\t\t\t\t<\/div>\n\t\t\t\t\t\t\t<div class=\"elementor-toggle-item\">\n\t\t\t\t\t<div id=\"elementor-tab-title-1935\" class=\"elementor-tab-title\" data-tab=\"5\" role=\"button\" aria-controls=\"elementor-tab-content-1935\" aria-expanded=\"false\">\n\t\t\t\t\t\t\t\t\t\t\t\t<span class=\"elementor-toggle-icon elementor-toggle-icon-left\" aria-hidden=\"true\">\n\t\t\t\t\t\t\t\t\t\t\t\t\t\t\t<span class=\"elementor-toggle-icon-closed\"><i class=\"fas fa-caret-right\"><\/i><\/span>\n\t\t\t\t\t\t\t\t<span class=\"elementor-toggle-icon-opened\"><i class=\"elementor-toggle-icon-opened fas fa-caret-up\"><\/i><\/span>\n\t\t\t\t\t\t\t\t\t\t\t\t\t<\/span>\n\t\t\t\t\t\t\t\t\t\t\t\t<a class=\"elementor-toggle-title\" tabindex=\"0\">Modalit\u00e0 di svolgimento<\/a>\n\t\t\t\t\t<\/div>\n\n\t\t\t\t\t<div id=\"elementor-tab-content-1935\" class=\"elementor-tab-content elementor-clearfix\" data-tab=\"5\" role=\"region\" aria-labelledby=\"elementor-tab-title-1935\"><p>Il congresso si svolger\u00e0 in modalit\u00e0 frontale.<br \/>I contenuti verranno registrati e resi disponibili a partire da gennaio 2025.<\/p><\/div>\n\t\t\t\t<\/div>\n\t\t\t\t\t\t\t<div class=\"elementor-toggle-item\">\n\t\t\t\t\t<div id=\"elementor-tab-title-1936\" class=\"elementor-tab-title\" data-tab=\"6\" role=\"button\" aria-controls=\"elementor-tab-content-1936\" aria-expanded=\"false\">\n\t\t\t\t\t\t\t\t\t\t\t\t<span class=\"elementor-toggle-icon elementor-toggle-icon-left\" aria-hidden=\"true\">\n\t\t\t\t\t\t\t\t\t\t\t\t\t\t\t<span class=\"elementor-toggle-icon-closed\"><i class=\"fas fa-caret-right\"><\/i><\/span>\n\t\t\t\t\t\t\t\t<span class=\"elementor-toggle-icon-opened\"><i class=\"elementor-toggle-icon-opened fas fa-caret-up\"><\/i><\/span>\n\t\t\t\t\t\t\t\t\t\t\t\t\t<\/span>\n\t\t\t\t\t\t\t\t\t\t\t\t<a class=\"elementor-toggle-title\" tabindex=\"0\">Faculty<\/a>\n\t\t\t\t\t<\/div>\n\n\t\t\t\t\t<div id=\"elementor-tab-content-1936\" class=\"elementor-tab-content elementor-clearfix\" data-tab=\"6\" role=\"region\" aria-labelledby=\"elementor-tab-title-1936\"><p>Il corso vede la partecipazione di illustri professionisti, tra cui:<\/p><ol><li><strong>Matteo Bozzetti<\/strong>: Ingegnere Chimico, Enabler technology solutions across healthcare spaces, Italia<\/li><li><strong>Massimo Calabrese<\/strong>: Direttore Radiologia oncologica e senologica, Ospedale San Martini e Professore di II fascia, Breast Unit. IRCCS-Policlinico San Martino, Genova, Italia<\/li><li><strong>Angie Devetti<\/strong>: Tutor Didattico, Corso di Laurea in Tecniche di Radiologia Medica, per Immagini e Radioterapia, Istituto di Radiologia,<br \/>Dipartimento di Medicina, Universit\u00e0 di Udine, Italia<\/li><li><strong>Iuri Dotta<\/strong>: Dirigente Professioni sanitarie Distretto delle Bormide, ASL2, Savona, Liguria, Italia<\/li><li><strong>Cecilia D\u2019Aloia<\/strong>: Medico specialista in Radiodiagnostica e Responsabile Breast Unit, Breast Imaging, Dipartimento Diagnostico, Azienda Ospedaliero-Universitario di Parma, Parma, Italia<\/li><li><strong>Marco Grosso<\/strong>: Coordinatore Dipartimento Servizi Diagnostici, A.S.T. TO3, Torino, Italia<\/li><li><strong>Filippo Innocenti<\/strong>: TSRM, S.S. Radiologia, Istituto per lo Studio, la Prevenzione e la Rete Oncologica ISPO, Firenze, Italia<\/li><li><strong>Chiara Martini<\/strong>: Direttore Attivit\u00e0 Didattiche Professionalizzanti, Corso di Laurea in Tecniche di Radiologia Medica, per Immagini e Radioterapia (Universit\u00e0 di Parma), Area Corsi di Laurea delle Professioni Sanitarie, Direzione delle Professioni Sanitarie, Azienda Ospedaliero-Universitaria di Parma, Parma, Italia<\/li><li><strong>Fabio Mattiussi<\/strong>: TSRM, Istituto Imaging della Svizzera Italiana (IIMSI), Ente Ospedaliero Cantonale (EOC) via Tesserete 46, 6900, Lugano, Svizzera<\/li><li><strong>Giada Maurizio<\/strong>: TSRM, Azienda Ospedaliero-Universitaria di Zurigo, Zurigo, Svizzera<\/li><li><strong>Stefano Pacifici<\/strong>: TSRM e Docente a contratto presso Unicamillus International Medical University, Roma, Italia<\/li><li><strong>Valentina Ravaglia<\/strong>: Fisico Medico, Servizio di Fisica Sanitaria, Azienda Unit\u00e0 Sanitaria Locale Romagna, Ravenna, Italia<\/li><li><strong>Cristina Rossi<\/strong>: Fisico e Professore affiliato, CEO b-rayZ AG, Schlieren, Svizzera<\/li><li><strong>Irene Rigott<\/strong>: Direttore Attivit\u00e0 Didattiche Professionalizzanti, Corso di Laurea in Tecniche di Radiologia Medica, per Immagini e Radioterapia, Universit\u00e0 Cattolica del Sacro Cuore, Bolzano, Italia<\/li><li><strong>Gioele Santucci<\/strong>: Direttore Attivit\u00e0 Didattiche Professionalizzanti, Corso di Laurea in Tecniche di Radiologia Medica, per Immagini e Radioterapia, Universit\u00e0 Almalaurea di Bologna, Campus di Rimini, Italia<\/li><li><strong>Daniela Severi<\/strong>: TSRM, Azienda Unit\u00e0 Sanitaria Locale della Romagna, Forl\u00ec, Italia<\/li><li><strong>Alessandro Tombolesi<\/strong>: TSRM, Dipartimento di Radiologia P.O. CTO, Azienda Ospedaliera-Universitaria Citt\u00e0 della Salute e della Scienza di Torino CTO \u2013 Torino, Italia<\/li><\/ol><\/div>\n\t\t\t\t<\/div>\n\t\t\t\t\t\t\t<div class=\"elementor-toggle-item\">\n\t\t\t\t\t<div id=\"elementor-tab-title-1937\" class=\"elementor-tab-title\" data-tab=\"7\" role=\"button\" aria-controls=\"elementor-tab-content-1937\" aria-expanded=\"false\">\n\t\t\t\t\t\t\t\t\t\t\t\t<span class=\"elementor-toggle-icon elementor-toggle-icon-left\" aria-hidden=\"true\">\n\t\t\t\t\t\t\t\t\t\t\t\t\t\t\t<span class=\"elementor-toggle-icon-closed\"><i class=\"fas fa-caret-right\"><\/i><\/span>\n\t\t\t\t\t\t\t\t<span class=\"elementor-toggle-icon-opened\"><i class=\"elementor-toggle-icon-opened fas fa-caret-up\"><\/i><\/span>\n\t\t\t\t\t\t\t\t\t\t\t\t\t<\/span>\n\t\t\t\t\t\t\t\t\t\t\t\t<a class=\"elementor-toggle-title\" tabindex=\"0\">Responsabile Scientifico<\/a>\n\t\t\t\t\t<\/div>\n\n\t\t\t\t\t<div id=\"elementor-tab-content-1937\" class=\"elementor-tab-content elementor-clearfix\" data-tab=\"7\" role=\"region\" aria-labelledby=\"elementor-tab-title-1937\"><p>L\u2019evento \u00e8 curato in sinergia tra l\u2019Organo di Amministrazione <strong>AITeRTC<\/strong>, il Consiglio Direttivo <strong>AITeRS<\/strong> e la <strong>Commissione di albo TSRM dell\u2019Ordine TSRM e PSTRP di Parma<\/strong>.<\/p><p>Il Responsabile Scientifico \u00e8 la Dott.ssa Chiara Martini.<\/p><\/div>\n\t\t\t\t<\/div>\n\t\t\t\t\t\t\t<div class=\"elementor-toggle-item\">\n\t\t\t\t\t<div id=\"elementor-tab-title-1938\" class=\"elementor-tab-title\" data-tab=\"8\" role=\"button\" aria-controls=\"elementor-tab-content-1938\" aria-expanded=\"false\">\n\t\t\t\t\t\t\t\t\t\t\t\t<span class=\"elementor-toggle-icon elementor-toggle-icon-left\" aria-hidden=\"true\">\n\t\t\t\t\t\t\t\t\t\t\t\t\t\t\t<span class=\"elementor-toggle-icon-closed\"><i class=\"fas fa-caret-right\"><\/i><\/span>\n\t\t\t\t\t\t\t\t<span class=\"elementor-toggle-icon-opened\"><i class=\"elementor-toggle-icon-opened fas fa-caret-up\"><\/i><\/span>\n\t\t\t\t\t\t\t\t\t\t\t\t\t<\/span>\n\t\t\t\t\t\t\t\t\t\t\t\t<a class=\"elementor-toggle-title\" tabindex=\"0\">Modalit\u00e0 di iscrizione e accesso<\/a>\n\t\t\t\t\t<\/div>\n\n\t\t\t\t\t<div id=\"elementor-tab-content-1938\" class=\"elementor-tab-content elementor-clearfix\" data-tab=\"8\" role=\"region\" aria-labelledby=\"elementor-tab-title-1938\"><p><strong>Posti disponibili<\/strong>: 200<br \/><br \/><strong>Quote di iscrizione<\/strong>:<\/p><ul><li>15\u20ac per gli Studenti TRMIR, ovvero gli studenti iscritti ai Corsi di Laurea in Tecniche di Radiologia Medica, per Immagini e Radioterapia italiani<\/li><li>30\u20ac per i TSRM iscritti ad un Ordine TSRM e PSTRP della provincia di Parma, di cui: 20\u20ac di iscrizione all\u2019evento e 10\u20ac di quota socio 2025, per entrambe le associazioni scientifiche<\/li><li>50\u20ac per i TSRM iscritti ad un Ordine TSRM e PSTRP italiano, di cui: 20\u20ac di iscrizione all\u2019evento, 30\u20ac di quota socio 2025 per entrambe le associazioni scientifiche<\/li><li>Esterni e esteri: contattare la Segreteria organizzativa a <a href=\"mailto:segreteria@aitertc.it\"><strong>segreteria@aitertc.it<\/strong><\/a><\/li><\/ul><p>\u00a0<\/p><p>Gli Studenti TRMIR e i TSRM iscritti all\u2019evento avranno accesso a:<\/p><ul><li>Ingresso e Pranzo al Primo congresso intersocietario AITeRTC-AITeRS<\/li><li>Quota associativa AITeRTC 2025<\/li><li>Quota associativa AITeRS 2025<\/li><\/ul><\/div>\n\t\t\t\t<\/div>\n\t\t\t\t\t\t\t<div class=\"elementor-toggle-item\">\n\t\t\t\t\t<div id=\"elementor-tab-title-1939\" class=\"elementor-tab-title\" data-tab=\"9\" role=\"button\" aria-controls=\"elementor-tab-content-1939\" aria-expanded=\"false\">\n\t\t\t\t\t\t\t\t\t\t\t\t<span class=\"elementor-toggle-icon elementor-toggle-icon-left\" aria-hidden=\"true\">\n\t\t\t\t\t\t\t\t\t\t\t\t\t\t\t<span class=\"elementor-toggle-icon-closed\"><i class=\"fas fa-caret-right\"><\/i><\/span>\n\t\t\t\t\t\t\t\t<span class=\"elementor-toggle-icon-opened\"><i class=\"elementor-toggle-icon-opened fas fa-caret-up\"><\/i><\/span>\n\t\t\t\t\t\t\t\t\t\t\t\t\t<\/span>\n\t\t\t\t\t\t\t\t\t\t\t\t<a class=\"elementor-toggle-title\" tabindex=\"0\">Conclusione<\/a>\n\t\t\t\t\t<\/div>\n\n\t\t\t\t\t<div id=\"elementor-tab-content-1939\" class=\"elementor-tab-content elementor-clearfix\" data-tab=\"9\" role=\"region\" aria-labelledby=\"elementor-tab-title-1939\"><p>Il Primo Congresso Intersocietario <strong>AITeRTC-AITeRS<\/strong> rappresenta un evento pionieristico, segnando la prima collaborazione ufficiale tra due delle otto associazioni pi\u00f9 influenti nell\u2019ambito tecnico radiologico. Questo congresso simbolizza un superamento delle tradizionali divisioni tra competenze e afferenze all\u2019interno della radiodiagnostica, promuovendo una visione pi\u00f9 integrata e collaborativa.<\/p><p>L\u2019evento si distingue per il suo approccio multidisciplinare, ponendo l\u2019accento sulla capacit\u00e0 di adattamento e innovazione della radiologia convenzionale. Saranno esplorate le nuove frontiere aperte dall\u2019intelligenza artificiale, mostrando come questa possa essere integrata in soluzioni su misura per potenziare e ottimizzare le pratiche radiologiche tradizionali, mantenendo al contempo un\u2019elevata qualit\u00e0 e precisione diagnostica.<\/p><\/div>\n\t\t\t\t<\/div>\n\t\t\t\t\t\t\t<div class=\"elementor-toggle-item\">\n\t\t\t\t\t<div id=\"elementor-tab-title-19310\" class=\"elementor-tab-title\" data-tab=\"10\" role=\"button\" aria-controls=\"elementor-tab-content-19310\" aria-expanded=\"false\">\n\t\t\t\t\t\t\t\t\t\t\t\t<span class=\"elementor-toggle-icon elementor-toggle-icon-left\" aria-hidden=\"true\">\n\t\t\t\t\t\t\t\t\t\t\t\t\t\t\t<span class=\"elementor-toggle-icon-closed\"><i class=\"fas fa-caret-right\"><\/i><\/span>\n\t\t\t\t\t\t\t\t<span class=\"elementor-toggle-icon-opened\"><i class=\"elementor-toggle-icon-opened fas fa-caret-up\"><\/i><\/span>\n\t\t\t\t\t\t\t\t\t\t\t\t\t<\/span>\n\t\t\t\t\t\t\t\t\t\t\t\t<a class=\"elementor-toggle-title\" tabindex=\"0\">Perch\u00e8 partecipare<\/a>\n\t\t\t\t\t<\/div>\n\n\t\t\t\t\t<div id=\"elementor-tab-content-19310\" class=\"elementor-tab-content elementor-clearfix\" data-tab=\"10\" role=\"region\" aria-labelledby=\"elementor-tab-title-19310\"><p>Partecipare a questo corso consente ai TSRM di acquisire conoscenze avanzate e aggiornate, migliorando cos\u00ec le proprie competenze professionali e contribuendo a un miglioramento complessivo delle prestazioni diagnostiche e della sicurezza in ambito radiologico.<\/p><\/div>\n\t\t\t\t<\/div>\n\t\t\t\t\t\t\t\t<\/div>\n\t\t\t\t\t\t<\/div>\n\t\t\t\t<\/div>\n\t\t\t\t<div class=\"elementor-element elementor-element-5df2301 elementor-widget elementor-widget-spacer\" data-id=\"5df2301\" data-element_type=\"widget\" data-e-type=\"widget\" data-widget_type=\"spacer.default\">\n\t\t\t\t<div class=\"elementor-widget-container\">\n\t\t\t\t\t\t\t<div class=\"elementor-spacer\">\n\t\t\t<div class=\"elementor-spacer-inner\"><\/div>\n\t\t<\/div>\n\t\t\t\t\t\t<\/div>\n\t\t\t\t<\/div>\n\t\t\t\t<div class=\"elementor-element elementor-element-1f04214 elementor-button-success elementor-align-justify elementor-widget elementor-widget-button\" data-id=\"1f04214\" data-element_type=\"widget\" data-e-type=\"widget\" data-widget_type=\"button.default\">\n\t\t\t\t<div class=\"elementor-widget-container\">\n\t\t\t\t\t\t\t\t\t<div class=\"elementor-button-wrapper\">\n\t\t\t\t\t<a class=\"elementor-button elementor-button-link elementor-size-sm\" href=\"https:\/\/docs.google.com\/forms\/d\/e\/1FAIpQLScfKxxCcw_ImjglIHf2P26SqNWgMNzNMjeLT_IqzO9hFpZyHg\/viewform\" target=\"_blank\">\n\t\t\t\t\t\t<span class=\"elementor-button-content-wrapper\">\n\t\t\t\t\t\t\t\t\t<span class=\"elementor-button-text\">ISCRIVITI<\/span>\n\t\t\t\t\t<\/span>\n\t\t\t\t\t<\/a>\n\t\t\t\t<\/div>\n\t\t\t\t\t\t\t\t<\/div>\n\t\t\t\t<\/div>\n\t\t\t\t<div class=\"elementor-element elementor-element-052dea7 elementor-widget elementor-widget-spacer\" data-id=\"052dea7\" data-element_type=\"widget\" data-e-type=\"widget\" data-widget_type=\"spacer.default\">\n\t\t\t\t<div class=\"elementor-widget-container\">\n\t\t\t\t\t\t\t<div class=\"elementor-spacer\">\n\t\t\t<div class=\"elementor-spacer-inner\"><\/div>\n\t\t<\/div>\n\t\t\t\t\t\t<\/div>\n\t\t\t\t<\/div>\n\t\t\t\t<div class=\"elementor-element elementor-element-6a53bae elementor-widget elementor-widget-text-editor\" data-id=\"6a53bae\" data-element_type=\"widget\" data-e-type=\"widget\" data-widget_type=\"text-editor.default\">\n\t\t\t\t<div class=\"elementor-widget-container\">\n\t\t\t\t\t\t\t\t\t<p>Per iscriversi \u00e8 necessario compilare il form linkato, registrarsi sul sito AITeRTC e procedere al pagamento della quota corrispondente seguendo le istruzioni sul sito.<\/p><p>La segreteria organizzativa proceder\u00e0 alla conferma dell&#8217;iscrizione.<\/p>\t\t\t\t\t\t\t\t<\/div>\n\t\t\t\t<\/div>\n\t\t\t\t<div class=\"elementor-element elementor-element-c1c275f elementor-widget elementor-widget-spacer\" data-id=\"c1c275f\" data-element_type=\"widget\" data-e-type=\"widget\" data-widget_type=\"spacer.default\">\n\t\t\t\t<div class=\"elementor-widget-container\">\n\t\t\t\t\t\t\t<div class=\"elementor-spacer\">\n\t\t\t<div class=\"elementor-spacer-inner\"><\/div>\n\t\t<\/div>\n\t\t\t\t\t\t<\/div>\n\t\t\t\t<\/div>\n\t\t\t\t\t<\/div>\n\t\t<\/div>\n\t\t\t\t\t<\/div>\n\t\t<\/section>\n\t\t\t\t<section class=\"elementor-section elementor-top-section elementor-element elementor-element-32cbbc7 elementor-section-boxed elementor-section-height-default elementor-section-height-default\" data-id=\"32cbbc7\" data-element_type=\"section\" data-e-type=\"section\">\n\t\t\t\t\t\t<div class=\"elementor-container elementor-column-gap-default\">\n\t\t\t\t\t<div class=\"elementor-column elementor-col-100 elementor-top-column elementor-element elementor-element-690b077\" data-id=\"690b077\" data-element_type=\"column\" data-e-type=\"column\">\n\t\t\t<div class=\"elementor-widget-wrap elementor-element-populated\">\n\t\t\t\t\t\t<div class=\"elementor-element elementor-element-980d18c arrows-relative-to-box_area bullets-small-dot-stroke elementor-widget elementor-widget-the7_testimonials_carousel\" data-id=\"980d18c\" data-element_type=\"widget\" data-e-type=\"widget\" data-settings=\"{&quot;gap_between_posts&quot;:{&quot;unit&quot;:&quot;px&quot;,&quot;size&quot;:53,&quot;sizes&quot;:[]},&quot;widget_columns&quot;:3,&quot;widget_columns_tablet&quot;:2,&quot;widget_columns_mobile&quot;:1,&quot;gap_between_posts_tablet&quot;:{&quot;unit&quot;:&quot;px&quot;,&quot;size&quot;:&quot;&quot;,&quot;sizes&quot;:[]},&quot;gap_between_posts_mobile&quot;:{&quot;unit&quot;:&quot;px&quot;,&quot;size&quot;:&quot;&quot;,&quot;sizes&quot;:[]}}\" data-widget_type=\"the7_testimonials_carousel.default\">\n\t\t\t\t<div class=\"elementor-widget-container\">\n\t\t\t\t\t<div class=\"disable-arrows-hover-bg owl-carousel testimonials-carousel elementor-owl-carousel-call the7-elementor-widget the7_testimonials_carousel-980d18c quick-scale-img\" data-scroll-mode=\"1\" data-auto-height=\"false\" data-speed=\"600\" data-autoplay=\"false\" data-autoplay_speed=\"\"><div  class=\"dt-owl-item-wrap hide-btn elements-hover\"  ><div class=\"dt-owl-item-inner \"><div  class=\"dt-owl-item-image layzr-bg img-css-resize-wrapper\"> <img decoding=\"async\" width=\"1600\" height=\"1079\" src=\"data:image\/svg+xml,%3Csvg%20xmlns%3D&#039;http%3A%2F%2Fwww.w3.org%2F2000%2Fsvg&#039;%20viewBox%3D&#039;0%200%201600%201079&#039;%2F%3E\" class=\"attachment-full size-full preload-me aspect lazy lazy-load\" alt=\"\" sizes=\"(max-width: 1600px) 100vw, 1600px\" style=\"--ratio: 1600 \/ 1079;\" data-src=\"https:\/\/www.aitertc.it\/web\/wp-content\/uploads\/2024\/11\/Immagine-WhatsApp-2024-08-18-ore-12.27.43_86988fcd.jpg\" loading=\"eager\" data-srcset=\"https:\/\/www.aitertc.it\/web\/wp-content\/uploads\/2024\/11\/Immagine-WhatsApp-2024-08-18-ore-12.27.43_86988fcd.jpg 1600w, https:\/\/www.aitertc.it\/web\/wp-content\/uploads\/2024\/11\/Immagine-WhatsApp-2024-08-18-ore-12.27.43_86988fcd-300x202.jpg 300w, https:\/\/www.aitertc.it\/web\/wp-content\/uploads\/2024\/11\/Immagine-WhatsApp-2024-08-18-ore-12.27.43_86988fcd-1024x691.jpg 1024w, https:\/\/www.aitertc.it\/web\/wp-content\/uploads\/2024\/11\/Immagine-WhatsApp-2024-08-18-ore-12.27.43_86988fcd-768x518.jpg 768w, https:\/\/www.aitertc.it\/web\/wp-content\/uploads\/2024\/11\/Immagine-WhatsApp-2024-08-18-ore-12.27.43_86988fcd-1536x1036.jpg 1536w\" \/><\/div><h4  class=\"dt-owl-item-heading\">Chiara Martini<\/h4><h6  class=\"dt-owl-item-subtitle\">Presidente AITeRTC<\/h6><\/div><\/div><div  class=\"dt-owl-item-wrap hide-btn elements-hover\"  ><div class=\"dt-owl-item-inner \"><div  class=\"dt-owl-item-image layzr-bg img-css-resize-wrapper\"> <img decoding=\"async\" width=\"286\" height=\"365\" src=\"data:image\/svg+xml,%3Csvg%20xmlns%3D&#039;http%3A%2F%2Fwww.w3.org%2F2000%2Fsvg&#039;%20viewBox%3D&#039;0%200%20286%20365&#039;%2F%3E\" class=\"attachment-full size-full preload-me aspect lazy lazy-load\" alt=\"\" sizes=\"(max-width: 286px) 100vw, 286px\" style=\"--ratio: 286 \/ 365;\" data-src=\"https:\/\/www.aitertc.it\/web\/wp-content\/uploads\/2024\/09\/SP.jpg\" loading=\"eager\" data-srcset=\"https:\/\/www.aitertc.it\/web\/wp-content\/uploads\/2024\/09\/SP.jpg 286w, https:\/\/www.aitertc.it\/web\/wp-content\/uploads\/2024\/09\/SP-235x300.jpg 235w\" \/><\/div><h4  class=\"dt-owl-item-heading\">Stefano Pacifici<\/h4><h6  class=\"dt-owl-item-subtitle\">Presidente AITeRS<\/h6><\/div><\/div><div  class=\"dt-owl-item-wrap hide-btn elements-hover\"  ><div class=\"dt-owl-item-inner \"><div  class=\"dt-owl-item-image layzr-bg img-css-resize-wrapper\"> <img decoding=\"async\" width=\"349\" height=\"339\" src=\"data:image\/svg+xml,%3Csvg%20xmlns%3D&#039;http%3A%2F%2Fwww.w3.org%2F2000%2Fsvg&#039;%20viewBox%3D&#039;0%200%20349%20339&#039;%2F%3E\" class=\"attachment-full size-full preload-me aspect lazy lazy-load\" alt=\"\" sizes=\"(max-width: 349px) 100vw, 349px\" style=\"--ratio: 349 \/ 339;\" data-src=\"https:\/\/www.aitertc.it\/web\/wp-content\/uploads\/2021\/05\/foto-profilo-angie-devetti-e1720763748320.jpg\" loading=\"eager\" data-srcset=\"https:\/\/www.aitertc.it\/web\/wp-content\/uploads\/2021\/05\/foto-profilo-angie-devetti-e1720763748320.jpg 349w, https:\/\/www.aitertc.it\/web\/wp-content\/uploads\/2021\/05\/foto-profilo-angie-devetti-e1720763748320-300x291.jpg 300w\" \/><\/div><h4  class=\"dt-owl-item-heading\">Angie Devetti<\/h4><h6  class=\"dt-owl-item-subtitle\">Responsabile Sezione RX di AITeRTC<\/h6><\/div><\/div><\/div><div class=\"owl-nav disabled\"><div class=\"owl-prev\" role=\"button\" tabindex=\"0\" aria-label=\"Prev slide\"><i class=\"fas fa-chevron-left\"><\/i><\/div><div class=\"owl-next\" role=\"button\" tabindex=\"0\" aria-label=\"Next slide\"><i class=\"fas fa-chevron-right\"><\/i><\/div><\/div>\t\t\t\t<\/div>\n\t\t\t\t<\/div>\n\t\t\t\t\t<\/div>\n\t\t<\/div>\n\t\t\t\t\t<\/div>\n\t\t<\/section>\n\t\t\t\t<section class=\"elementor-section elementor-top-section elementor-element elementor-element-ead62ac elementor-section-boxed elementor-section-height-default elementor-section-height-default\" data-id=\"ead62ac\" data-element_type=\"section\" data-e-type=\"section\">\n\t\t\t\t\t\t<div class=\"elementor-container elementor-column-gap-default\">\n\t\t\t\t\t<div class=\"elementor-column elementor-col-100 elementor-top-column elementor-element elementor-element-ee5ad46\" data-id=\"ee5ad46\" data-element_type=\"column\" data-e-type=\"column\">\n\t\t\t<div class=\"elementor-widget-wrap elementor-element-populated\">\n\t\t\t\t\t\t<div class=\"elementor-element elementor-element-22eefe9 elementor-widget-divider--view-line elementor-widget elementor-widget-divider\" data-id=\"22eefe9\" data-element_type=\"widget\" data-e-type=\"widget\" data-widget_type=\"divider.default\">\n\t\t\t\t<div class=\"elementor-widget-container\">\n\t\t\t\t\t\t\t<div class=\"elementor-divider\">\n\t\t\t<span class=\"elementor-divider-separator\">\n\t\t\t\t\t\t<\/span>\n\t\t<\/div>\n\t\t\t\t\t\t<\/div>\n\t\t\t\t<\/div>\n\t\t\t\t\t<\/div>\n\t\t<\/div>\n\t\t\t\t\t<\/div>\n\t\t<\/section>\n\t\t\t\t<section class=\"elementor-section elementor-top-section elementor-element elementor-element-3bc0627 elementor-section-boxed elementor-section-height-default elementor-section-height-default\" data-id=\"3bc0627\" data-element_type=\"section\" data-e-type=\"section\">\n\t\t\t\t\t\t<div class=\"elementor-container elementor-column-gap-default\">\n\t\t\t\t\t<div class=\"elementor-column elementor-col-50 elementor-top-column elementor-element elementor-element-3c16571\" data-id=\"3c16571\" data-element_type=\"column\" data-e-type=\"column\">\n\t\t\t<div class=\"elementor-widget-wrap elementor-element-populated\">\n\t\t\t\t\t\t<div class=\"elementor-element elementor-element-69573ad elementor-widget__width-initial elementor-widget elementor-widget-image\" data-id=\"69573ad\" data-element_type=\"widget\" data-e-type=\"widget\" data-widget_type=\"image.default\">\n\t\t\t\t<div class=\"elementor-widget-container\">\n\t\t\t\t\t\t\t\t\t\t\t\t\t\t\t<img decoding=\"async\" width=\"1024\" height=\"1024\" src=\"https:\/\/www.aitertc.it\/web\/wp-content\/uploads\/2024\/11\/LOGO-1-1024x1024.jpg\" class=\"attachment-large size-large wp-image-17941\" alt=\"\" srcset=\"https:\/\/www.aitertc.it\/web\/wp-content\/uploads\/2024\/11\/LOGO-1-1024x1024.jpg 1024w, https:\/\/www.aitertc.it\/web\/wp-content\/uploads\/2024\/11\/LOGO-1-300x300.jpg 300w, https:\/\/www.aitertc.it\/web\/wp-content\/uploads\/2024\/11\/LOGO-1-150x150.jpg 150w, https:\/\/www.aitertc.it\/web\/wp-content\/uploads\/2024\/11\/LOGO-1-768x768.jpg 768w, https:\/\/www.aitertc.it\/web\/wp-content\/uploads\/2024\/11\/LOGO-1-1536x1536.jpg 1536w, https:\/\/www.aitertc.it\/web\/wp-content\/uploads\/2024\/11\/LOGO-1-2048x2048.jpg 2048w\" sizes=\"(max-width: 1024px) 100vw, 1024px\" \/>\t\t\t\t\t\t\t\t\t\t\t\t\t\t\t<\/div>\n\t\t\t\t<\/div>\n\t\t\t\t\t<\/div>\n\t\t<\/div>\n\t\t\t\t<div class=\"elementor-column elementor-col-50 elementor-top-column elementor-element elementor-element-cbfa7d3\" data-id=\"cbfa7d3\" data-element_type=\"column\" data-e-type=\"column\">\n\t\t\t<div class=\"elementor-widget-wrap elementor-element-populated\">\n\t\t\t\t\t\t<div class=\"elementor-element elementor-element-ba3c4e3 elementor-widget elementor-widget-text-editor\" data-id=\"ba3c4e3\" data-element_type=\"widget\" data-e-type=\"widget\" data-widget_type=\"text-editor.default\">\n\t\t\t\t<div class=\"elementor-widget-container\">\n\t\t\t\t\t\t\t\t\t<p><strong>Evento organizzato dalla Commissione di albo TSRM in collaborazione con AITeRTC e AITeRS.\u00a0<\/strong><\/p>\t\t\t\t\t\t\t\t<\/div>\n\t\t\t\t<\/div>\n\t\t\t\t\t<\/div>\n\t\t<\/div>\n\t\t\t\t\t<\/div>\n\t\t<\/section>\n\t\t\t\t<section class=\"elementor-section elementor-top-section elementor-element elementor-element-7c696fb elementor-section-boxed elementor-section-height-default elementor-section-height-default\" data-id=\"7c696fb\" data-element_type=\"section\" data-e-type=\"section\">\n\t\t\t\t\t\t<div class=\"elementor-container elementor-column-gap-default\">\n\t\t\t\t\t<div class=\"elementor-column elementor-col-100 elementor-top-column elementor-element elementor-element-8f19968\" data-id=\"8f19968\" data-element_type=\"column\" data-e-type=\"column\">\n\t\t\t<div class=\"elementor-widget-wrap elementor-element-populated\">\n\t\t\t\t\t\t<div class=\"elementor-element elementor-element-9511974 elementor-widget elementor-widget-image\" data-id=\"9511974\" data-element_type=\"widget\" data-e-type=\"widget\" data-widget_type=\"image.default\">\n\t\t\t\t<div class=\"elementor-widget-container\">\n\t\t\t\t\t\t\t\t\t\t\t\t\t\t\t<img decoding=\"async\" src=\"https:\/\/www.aitertc.it\/web\/wp-content\/uploads\/2024\/12\/Design-senza-titolo-1-2.pdf\" title=\"\" alt=\"\" loading=\"lazy\" \/>\t\t\t\t\t\t\t\t\t\t\t\t\t\t\t<\/div>\n\t\t\t\t<\/div>\n\t\t\t\t\t<\/div>\n\t\t<\/div>\n\t\t\t\t\t<\/div>\n\t\t<\/section>\n\t\t\t\t<section class=\"elementor-section elementor-top-section elementor-element elementor-element-7ae26c1 elementor-section-boxed elementor-section-height-default elementor-section-height-default\" data-id=\"7ae26c1\" data-element_type=\"section\" data-e-type=\"section\">\n\t\t\t\t\t\t<div class=\"elementor-container elementor-column-gap-default\">\n\t\t\t\t\t<div class=\"elementor-column elementor-col-100 elementor-top-column elementor-element elementor-element-61e5872\" data-id=\"61e5872\" data-element_type=\"column\" data-e-type=\"column\">\n\t\t\t<div class=\"elementor-widget-wrap elementor-element-populated\">\n\t\t\t\t\t\t<div class=\"elementor-element elementor-element-9376a12 elementor-widget elementor-widget-image\" data-id=\"9376a12\" data-element_type=\"widget\" data-e-type=\"widget\" data-widget_type=\"image.default\">\n\t\t\t\t<div class=\"elementor-widget-container\">\n\t\t\t\t\t\t\t\t\t\t\t\t\t\t\t<img decoding=\"async\" src=\"https:\/\/www.aitertc.it\/web\/wp-content\/plugins\/elementor\/assets\/images\/placeholder.png\" title=\"\" alt=\"\" loading=\"lazy\" \/>\t\t\t\t\t\t\t\t\t\t\t\t\t\t\t<\/div>\n\t\t\t\t<\/div>\n\t\t\t\t\t<\/div>\n\t\t<\/div>\n\t\t\t\t\t<\/div>\n\t\t<\/section>\n\t\t\t\t<\/div>\n\t\t","protected":false},"excerpt":{"rendered":"<p>Formazione, Qualit\u00e0 e Ottimizzazione. Una proiezione alla volta Scarica la brochure L\u2019evento \u201cFormazione, qualit\u00e0 e ottimizzazione. Una proiezione alla volta,\u201d nato dalla sinergia tra AITeRTC e AITeRS, si propone di&hellip;<\/p>\n","protected":false},"author":2,"featured_media":16731,"parent":0,"menu_order":0,"comment_status":"closed","ping_status":"closed","template":"","meta":{"footnotes":""},"class_list":["post-16729","page","type-page","status-publish","has-post-thumbnail","hentry"],"_links":{"self":[{"href":"https:\/\/www.aitertc.it\/web\/wp-json\/wp\/v2\/pages\/16729","targetHints":{"allow":["GET"]}}],"collection":[{"href":"https:\/\/www.aitertc.it\/web\/wp-json\/wp\/v2\/pages"}],"about":[{"href":"https:\/\/www.aitertc.it\/web\/wp-json\/wp\/v2\/types\/page"}],"author":[{"embeddable":true,"href":"https:\/\/www.aitertc.it\/web\/wp-json\/wp\/v2\/users\/2"}],"replies":[{"embeddable":true,"href":"https:\/\/www.aitertc.it\/web\/wp-json\/wp\/v2\/comments?post=16729"}],"version-history":[{"count":203,"href":"https:\/\/www.aitertc.it\/web\/wp-json\/wp\/v2\/pages\/16729\/revisions"}],"predecessor-version":[{"id":21087,"href":"https:\/\/www.aitertc.it\/web\/wp-json\/wp\/v2\/pages\/16729\/revisions\/21087"}],"wp:featuredmedia":[{"embeddable":true,"href":"https:\/\/www.aitertc.it\/web\/wp-json\/wp\/v2\/media\/16731"}],"wp:attachment":[{"href":"https:\/\/www.aitertc.it\/web\/wp-json\/wp\/v2\/media?parent=16729"}],"curies":[{"name":"wp","href":"https:\/\/api.w.org\/{rel}","templated":true}]}}